{"id":11108,"date":"2023-10-25T15:50:28","date_gmt":"2023-10-25T13:50:28","guid":{"rendered":"https:\/\/associationimperatricezita.com\/?page_id=11108"},"modified":"2025-09-09T10:54:17","modified_gmt":"2025-09-09T08:54:17","slug":"szent-zita-lelkisege","status":"publish","type":"page","link":"https:\/\/associationimperatricezita.com\/hu\/szent-zita-lelkisege\/","title":{"rendered":"Szent Zita lelkis\u00e9ge"},"content":{"rendered":"\t\t<div data-elementor-type=\"wp-page\" data-elementor-id=\"11108\" class=\"elementor elementor-11108 elementor-6235\" data-elementor-post-type=\"page\">\n\t\t\t\t\t\t<section class=\"elementor-section elementor-top-section elementor-element elementor-element-cd85fce elementor-section-boxed elementor-section-height-default elementor-section-height-default\" data-id=\"cd85fce\" data-element_type=\"section\" data-e-type=\"section\">\n\t\t\t\t\t\t<div class=\"elementor-container elementor-column-gap-default\">\n\t\t\t\t\t<div class=\"elementor-column elementor-col-50 elementor-top-column elementor-element elementor-element-929cb16\" data-id=\"929cb16\" data-element_type=\"column\" data-e-type=\"column\">\n\t\t\t<div class=\"elementor-widget-wrap elementor-element-populated\">\n\t\t\t\t\t\t<div class=\"elementor-element elementor-element-952fed9 premium-header-block premium-lq__none premium-box-lq__none elementor-widget elementor-widget-premium-addon-dual-header\" data-id=\"952fed9\" data-element_type=\"widget\" data-e-type=\"widget\" data-widget_type=\"premium-addon-dual-header.default\">\n\t\t\t\t\t\n\t\t<div class=\"elementor-widget-container\">\n\t\t<div class=\"premium-dual-header-wrapper\">\n\t\t\t\t\t<h2 class=\"premium-dual-header-first-header \"><span class=\"premium-dual-header-first-span\">Isten szolg\u00e1j\u00e1nak <\/span><span class=\"premium-dual-header-second-header \">ima\u00e9lete <\/span><\/h2> \t\t\t\t\t\t<\/div>\n\t\t<\/div>\n\n\t\t\t\t\t\t<\/div>\n\t\t\t\t<div class=\"elementor-element elementor-element-72be3ae elementor-widget elementor-widget-text-editor\" data-id=\"72be3ae\" data-element_type=\"widget\" data-e-type=\"widget\" data-widget_type=\"text-editor.default\">\n\t\t\t\t<div class=\"elementor-widget-container\">\n\t\t\t\t\t\t\t\t\t<p>F\u00e9rj\u00e9vel, K\u00e1rollyal Isten szolg\u00e1ja intenz\u00edv eucharisztikus \u00e9letet \u00e9lt.\u00a0 Zita fiatal kor\u00e1t\u00f3l kezdve im\u00e1ds\u00e1gos \u00e9let\u00e9nek \u00e9s karitat\u00edv cselekedeteinek n\u00e9lk\u00fcl\u00f6zhetetlen alapj\u00e1nak tekintette az Euchariszti\u00e1ban val\u00f3 mindennapos r\u00e9szv\u00e9telt. \u00cdgy egyes\u00edtette eg\u00e9sz \u00e9let\u00e9t \u00e9s csal\u00e1dj\u00e1t Krisztus megv\u00e1lt\u00f3 \u00e1ldozat\u00e1val. Az Olt\u00e1riszents\u00e9g jelenl\u00e9te k\u00fcl\u00f6nb\u00f6z\u0151 otthonaiban lehet\u0151v\u00e9 tette sz\u00e1m\u00e1ra, hogy mindennap az \u00dar bens\u0151s\u00e9ges viszony\u00e1ban \u00e9ljen, k\u00e9s\u0151bb pedig \u00f6zvegyk\u00e9nt egyes\u00fclj\u00f6n szeretett f\u00e9rj\u00e9vel: &#8222;<strong>J\u00e9zus sz\u00edv\u00e9ben megtal\u00e1ljuk \u00f6nmagunkat<\/strong>&#8221; \u2013 mondta neki K\u00e1roly k\u00ednz\u00f3 \u00e1gy\u00e1n.<\/p><p>Isten szolg\u00e1ja az im\u00e1ds\u00e1g asszonya volt: nagy odaad\u00e1ssal viseltetett J\u00e9zus Szents\u00e9ges Sz\u00edve \u00e9s M\u00e1ria Szepl\u0151telen Sz\u00edve ir\u00e1nt, melyeknek csal\u00e1dj\u00e1t szentelte. A r\u00f3zsaf\u00fcz\u00e9r im\u00e1dkoz\u00e1sa mindennapi \u00e9let\u00e9nek r\u00e9sze volt.<strong> A h\u00e1zasp\u00e1r im\u00e1val kezdte a napot, \u00e9s im\u00e1val fejezte be. <\/strong><\/p><p>Mindennapi \u00e9let\u00e9t v\u00e9d\u0151szentje, Luccai Szent Zita mott\u00f3ja vez\u00e9relte: &#8222;<strong>Sz\u00edv Istennek \u00e9s munka a kezek<\/strong>&#8222;. Ezzel a mot\u00f3val a <strong>benc\u00e9s lelkis\u00e9gben<\/strong>, az <strong>Ora et labora<\/strong>-ban tal\u00e1lkozott.<\/p><p>\u00c9let\u00e9nek legdr\u00e1maibb k\u00f6r\u00fclm\u00e9nyei k\u00f6z\u00f6tt im\u00e1dkozott. Zita fi\u00e1nak, Ott\u00f3nak a z\u00fcrichi cs\u00e1sz\u00e1ri p\u00e1rt Magyarorsz\u00e1gra vezet\u0151, meglehet\u0151sen zaklatott menek\u00fcl\u00e9s\u00e9r\u0151l (1921. okt\u00f3ber) ezt \u00edrta: &#8222;H\u00edvtam az \u00e9g \u00f6sszes angyal\u00e1t, \u00e9s im\u00e1dkoztam a \u00ab\u00a0<strong>Qui habitat\u00a0<\/strong>\u00bb (Zsolt 90) \u00e9s a \u00ab\u00a0Sub tuum\u00a0\u00bb zsolt\u00e1rt.<\/p><p>\u00a0<\/p><p>A fiatal p\u00e1r a menyegz\u0151i zenekarukba v\u00e9ste a Sz\u0171z M\u00e1ri\u00e1hoz int\u00e9zett im\u00e1t <strong>Sub tuum:<\/strong> &#8222;<\/p><p><em>\u00ab\u00a0Sub tuum praesidium confugimus, sancta Dei Genitrix : nostras deprecationes ne despicias in necessitatibus, sed a periculis cunctis libera nos semper, Virgo gloriosa et benedicta.&#8221; <\/em><\/p><p><em>\u201cIrgalmass\u00e1god oltalma alatt mened\u00e9ket vesz\u00fcnk, Isten Szent Anyja. Ne vesd meg im\u00e1inkat, amikor megpr\u00f3b\u00e1ltat\u00e1sban vagyunk, hanem szabad\u00edts meg minket mindig minden vesz\u00e9lyt\u0151l, dics\u0151s\u00e9ges \u00e9s \u00e1ldott Sz\u0171z.&#8221;<\/em><\/p>\t\t\t\t\t\t\t\t<\/div>\n\t\t\t\t<\/div>\n\t\t\t\t<div class=\"elementor-element elementor-element-af0b4db elementor-align-left elementor-widget elementor-widget-button\" data-id=\"af0b4db\" data-element_type=\"widget\" data-e-type=\"widget\" data-widget_type=\"button.default\">\n\t\t\t\t<div class=\"elementor-widget-container\">\n\t\t\t\t\t\t\t\t\t<div class=\"elementor-button-wrapper\">\n\t\t\t\t\t<a class=\"elementor-button elementor-button-link elementor-size-sm elementor-animation-shrink\" href=\"\/zita\/liens-spirituels\/\">\n\t\t\t\t\t\t<span class=\"elementor-button-content-wrapper\">\n\t\t\t\t\t\t\t\t\t<span class=\"elementor-button-text\">lelki k\u00f6tel\u00e9kek<\/span>\n\t\t\t\t\t<\/span>\n\t\t\t\t\t<\/a>\n\t\t\t\t<\/div>\n\t\t\t\t\t\t\t\t<\/div>\n\t\t\t\t<\/div>\n\t\t\t\t\t<\/div>\n\t\t<\/div>\n\t\t\t\t<div class=\"elementor-column elementor-col-50 elementor-top-column elementor-element elementor-element-dec1d9b\" data-id=\"dec1d9b\" data-element_type=\"column\" data-e-type=\"column\" data-settings=\"{&quot;background_background&quot;:&quot;classic&quot;}\">\n\t\t\t<div class=\"elementor-widget-wrap elementor-element-populated\">\n\t\t\t\t\t\t<div class=\"elementor-element elementor-element-d7b476f elementor-widget elementor-widget-spacer\" data-id=\"d7b476f\" data-element_type=\"widget\" data-e-type=\"widget\" data-widget_type=\"spacer.default\">\n\t\t\t\t<div class=\"elementor-widget-container\">\n\t\t\t\t\t\t\t<div class=\"elementor-spacer\">\n\t\t\t<div class=\"elementor-spacer-inner\"><\/div>\n\t\t<\/div>\n\t\t\t\t\t\t<\/div>\n\t\t\t\t<\/div>\n\t\t\t\t\t<\/div>\n\t\t<\/div>\n\t\t\t\t\t<\/div>\n\t\t<\/section>\n\t\t<div class=\"elementor-element elementor-element-cd32976 e-flex e-con-boxed e-con e-parent\" data-id=\"cd32976\" data-element_type=\"container\" data-e-type=\"container\" data-settings=\"{&quot;background_background&quot;:&quot;classic&quot;}\">\n\t\t\t\t\t<div class=\"e-con-inner\">\n\t\t<div class=\"elementor-element elementor-element-9488951 e-con-full e-flex e-con e-child\" data-id=\"9488951\" data-element_type=\"container\" data-e-type=\"container\">\n\t\t\t\t<div class=\"elementor-element elementor-element-0e03b2a elementor-widget elementor-widget-image\" data-id=\"0e03b2a\" data-element_type=\"widget\" data-e-type=\"widget\" data-widget_type=\"image.default\">\n\t\t\t\t<div class=\"elementor-widget-container\">\n\t\t\t\t\t\t\t\t\t\t\t\t\t\t\t<img fetchpriority=\"high\" decoding=\"async\" width=\"781\" height=\"1012\" src=\"https:\/\/associationimperatricezita.com\/wp-content\/uploads\/2023\/10\/neuvaine.jpg\" class=\"attachment-large size-large wp-image-5490\" alt=\"\" srcset=\"https:\/\/associationimperatricezita.com\/wp-content\/uploads\/2023\/10\/neuvaine.jpg 781w, https:\/\/associationimperatricezita.com\/wp-content\/uploads\/2023\/10\/neuvaine-232x300.jpg 232w, https:\/\/associationimperatricezita.com\/wp-content\/uploads\/2023\/10\/neuvaine-768x995.jpg 768w\" sizes=\"(max-width: 781px) 100vw, 781px\" \/>\t\t\t\t\t\t\t\t\t\t\t\t\t\t\t<\/div>\n\t\t\t\t<\/div>\n\t\t\t\t<\/div>\n\t\t\t\t<div class=\"elementor-element elementor-element-6e7df5e elementor-widget elementor-widget-button\" data-id=\"6e7df5e\" data-element_type=\"widget\" data-e-type=\"widget\" data-widget_type=\"button.default\">\n\t\t\t\t<div class=\"elementor-widget-container\">\n\t\t\t\t\t\t\t\t\t<div class=\"elementor-button-wrapper\">\n\t\t\t\t\t<a class=\"elementor-button elementor-button-link elementor-size-sm elementor-animation-grow\" href=\"https:\/\/associationimperatricezita.com\/wp-content\/uploads\/2025\/09\/Neuvaine-en-hongrois.pdf\" target=\"_blank\">\n\t\t\t\t\t\t<span class=\"elementor-button-content-wrapper\">\n\t\t\t\t\t\t<span class=\"elementor-button-icon\">\n\t\t\t\t<svg aria-hidden=\"true\" class=\"e-font-icon-svg e-fas-download\" viewBox=\"0 0 512 512\" xmlns=\"http:\/\/www.w3.org\/2000\/svg\"><path d=\"M216 0h80c13.3 0 24 10.7 24 24v168h87.7c17.8 0 26.7 21.5 14.1 34.1L269.7 378.3c-7.5 7.5-19.8 7.5-27.3 0L90.1 226.1c-12.6-12.6-3.7-34.1 14.1-34.1H192V24c0-13.3 10.7-24 24-24zm296 376v112c0 13.3-10.7 24-24 24H24c-13.3 0-24-10.7-24-24V376c0-13.3 10.7-24 24-24h146.7l49 49c20.1 20.1 52.5 20.1 72.6 0l49-49H488c13.3 0 24 10.7 24 24zm-124 88c0-11-9-20-20-20s-20 9-20 20 9 20 20 20 20-9 20-20zm64 0c0-11-9-20-20-20s-20 9-20 20 9 20 20 20 20-9 20-20z\"><\/path><\/svg>\t\t\t<\/span>\n\t\t\t\t\t\t\t\t\t<span class=\"elementor-button-text\">Let\u00f6lteni a kilenced f\u00fczet\u00e9t<\/span>\n\t\t\t\t\t<\/span>\n\t\t\t\t\t<\/a>\n\t\t\t\t<\/div>\n\t\t\t\t\t\t\t\t<\/div>\n\t\t\t\t<\/div>\n\t\t\t\t\t<\/div>\n\t\t\t\t<\/div>\n\t\t\t\t<\/div>\n\t\t","protected":false},"excerpt":{"rendered":"<p>Isten szolg\u00e1j\u00e1nak ima\u00e9lete F\u00e9rj\u00e9vel, K\u00e1rollyal Isten szolg\u00e1ja intenz\u00edv eucharisztikus \u00e9letet \u00e9lt.\u00a0 Zita fiatal kor\u00e1t\u00f3l kezdve im\u00e1ds\u00e1gos \u00e9let\u00e9nek \u00e9s karitat\u00edv cselekedeteinek n\u00e9lk\u00fcl\u00f6zhetetlen alapj\u00e1nak tekintette az Euchariszti\u00e1ban val\u00f3 mindennapos r\u00e9szv\u00e9telt. \u00cdgy egyes\u00edtette eg\u00e9sz \u00e9let\u00e9t \u00e9s csal\u00e1dj\u00e1t Krisztus megv\u00e1lt\u00f3 \u00e1ldozat\u00e1val. Az Olt\u00e1riszents\u00e9g jelenl\u00e9te k\u00fcl\u00f6nb\u00f6z\u0151 otthonaiban lehet\u0151v\u00e9 tette sz\u00e1m\u00e1ra, hogy mindennap az \u00dar bens\u0151s\u00e9ges viszony\u00e1ban \u00e9ljen, k\u00e9s\u0151bb pedig \u00f6zvegyk\u00e9nt [&hellip;]<\/p>\n","protected":false},"author":1,"featured_media":0,"parent":0,"menu_order":0,"comment_status":"closed","ping_status":"closed","template":"","meta":{"_monsterinsights_skip_tracking":false,"_monsterinsights_sitenote_active":false,"_monsterinsights_sitenote_note":"","_monsterinsights_sitenote_category":0,"footnotes":"","_links_to":"","_links_to_target":""},"class_list":["post-11108","page","type-page","status-publish","hentry"],"yoast_head":"<!-- This site is optimized with the Yoast SEO plugin v27.4 - https:\/\/yoast.com\/product\/yoast-seo-wordpress\/ -->\n<title>Szent Zita lelkis\u00e9ge - Association pour la b\u00e9atification de l&#039;Imp\u00e9ratrice Zita<\/title>\n<meta name=\"robots\" content=\"index, follow, max-snippet:-1, max-image-preview:large, max-video-preview:-1\" \/>\n<link rel=\"canonical\" href=\"https:\/\/associationimperatricezita.com\/hu\/szent-zita-lelkisege\/\" \/>\n<meta property=\"og:locale\" content=\"hu_HU\" \/>\n<meta property=\"og:type\" content=\"article\" \/>\n<meta property=\"og:title\" content=\"Szent Zita lelkis\u00e9ge - Association pour la b\u00e9atification de l&#039;Imp\u00e9ratrice Zita\" \/>\n<meta property=\"og:description\" content=\"Isten szolg\u00e1j\u00e1nak ima\u00e9lete F\u00e9rj\u00e9vel, K\u00e1rollyal Isten szolg\u00e1ja intenz\u00edv eucharisztikus \u00e9letet \u00e9lt.\u00a0 Zita fiatal kor\u00e1t\u00f3l kezdve im\u00e1ds\u00e1gos \u00e9let\u00e9nek \u00e9s karitat\u00edv cselekedeteinek n\u00e9lk\u00fcl\u00f6zhetetlen alapj\u00e1nak tekintette az Euchariszti\u00e1ban val\u00f3 mindennapos r\u00e9szv\u00e9telt. \u00cdgy egyes\u00edtette eg\u00e9sz \u00e9let\u00e9t \u00e9s csal\u00e1dj\u00e1t Krisztus megv\u00e1lt\u00f3 \u00e1ldozat\u00e1val. Az Olt\u00e1riszents\u00e9g jelenl\u00e9te k\u00fcl\u00f6nb\u00f6z\u0151 otthonaiban lehet\u0151v\u00e9 tette sz\u00e1m\u00e1ra, hogy mindennap az \u00dar bens\u0151s\u00e9ges viszony\u00e1ban \u00e9ljen, k\u00e9s\u0151bb pedig \u00f6zvegyk\u00e9nt [&hellip;]\" \/>\n<meta property=\"og:url\" content=\"https:\/\/associationimperatricezita.com\/hu\/szent-zita-lelkisege\/\" \/>\n<meta property=\"og:site_name\" content=\"Association pour la b\u00e9atification de l&#039;Imp\u00e9ratrice Zita\" \/>\n<meta property=\"article:publisher\" content=\"https:\/\/www.facebook.com\/BeatificaZita\/\" \/>\n<meta property=\"article:modified_time\" content=\"2025-09-09T08:54:17+00:00\" \/>\n<meta property=\"og:image\" content=\"https:\/\/associationimperatricezita.com\/wp-content\/uploads\/2023\/10\/neuvaine.jpg\" \/>\n\t<meta property=\"og:image:width\" content=\"781\" \/>\n\t<meta property=\"og:image:height\" content=\"1012\" \/>\n\t<meta property=\"og:image:type\" content=\"image\/jpeg\" \/>\n<meta name=\"twitter:card\" content=\"summary_large_image\" \/>\n<meta name=\"twitter:label1\" content=\"Becs\u00fclt olvas\u00e1si id\u0151\" \/>\n\t<meta name=\"twitter:data1\" content=\"2 perc\" \/>\n<script type=\"application\/ld+json\" class=\"yoast-schema-graph\">{\"@context\":\"https:\\\/\\\/schema.org\",\"@graph\":[{\"@type\":\"WebPage\",\"@id\":\"https:\\\/\\\/associationimperatricezita.com\\\/hu\\\/szent-zita-lelkisege\\\/\",\"url\":\"https:\\\/\\\/associationimperatricezita.com\\\/hu\\\/szent-zita-lelkisege\\\/\",\"name\":\"Szent Zita lelkis\u00e9ge - Association pour la b\u00e9atification de l&#039;Imp\u00e9ratrice Zita\",\"isPartOf\":{\"@id\":\"https:\\\/\\\/associationimperatricezita.com\\\/hu\\\/#website\"},\"primaryImageOfPage\":{\"@id\":\"https:\\\/\\\/associationimperatricezita.com\\\/hu\\\/szent-zita-lelkisege\\\/#primaryimage\"},\"image\":{\"@id\":\"https:\\\/\\\/associationimperatricezita.com\\\/hu\\\/szent-zita-lelkisege\\\/#primaryimage\"},\"thumbnailUrl\":\"https:\\\/\\\/associationimperatricezita.com\\\/wp-content\\\/uploads\\\/2023\\\/10\\\/neuvaine.jpg\",\"datePublished\":\"2023-10-25T13:50:28+00:00\",\"dateModified\":\"2025-09-09T08:54:17+00:00\",\"breadcrumb\":{\"@id\":\"https:\\\/\\\/associationimperatricezita.com\\\/hu\\\/szent-zita-lelkisege\\\/#breadcrumb\"},\"inLanguage\":\"hu\",\"potentialAction\":[{\"@type\":\"ReadAction\",\"target\":[\"https:\\\/\\\/associationimperatricezita.com\\\/hu\\\/szent-zita-lelkisege\\\/\"]}]},{\"@type\":\"ImageObject\",\"inLanguage\":\"hu\",\"@id\":\"https:\\\/\\\/associationimperatricezita.com\\\/hu\\\/szent-zita-lelkisege\\\/#primaryimage\",\"url\":\"https:\\\/\\\/associationimperatricezita.com\\\/wp-content\\\/uploads\\\/2023\\\/10\\\/neuvaine.jpg\",\"contentUrl\":\"https:\\\/\\\/associationimperatricezita.com\\\/wp-content\\\/uploads\\\/2023\\\/10\\\/neuvaine.jpg\"},{\"@type\":\"BreadcrumbList\",\"@id\":\"https:\\\/\\\/associationimperatricezita.com\\\/hu\\\/szent-zita-lelkisege\\\/#breadcrumb\",\"itemListElement\":[{\"@type\":\"ListItem\",\"position\":1,\"name\":\"Accueil\",\"item\":\"https:\\\/\\\/associationimperatricezita.com\\\/hu\\\/\"},{\"@type\":\"ListItem\",\"position\":2,\"name\":\"Szent Zita lelkis\u00e9ge\"}]},{\"@type\":\"WebSite\",\"@id\":\"https:\\\/\\\/associationimperatricezita.com\\\/hu\\\/#website\",\"url\":\"https:\\\/\\\/associationimperatricezita.com\\\/hu\\\/\",\"name\":\"Association pour la b\u00e9atification de l&#039;Imp\u00e9ratrice Zita\",\"description\":\"\",\"publisher\":{\"@id\":\"https:\\\/\\\/associationimperatricezita.com\\\/hu\\\/#organization\"},\"potentialAction\":[{\"@type\":\"SearchAction\",\"target\":{\"@type\":\"EntryPoint\",\"urlTemplate\":\"https:\\\/\\\/associationimperatricezita.com\\\/hu\\\/?s={search_term_string}\"},\"query-input\":{\"@type\":\"PropertyValueSpecification\",\"valueRequired\":true,\"valueName\":\"search_term_string\"}}],\"inLanguage\":\"hu\"},{\"@type\":\"Organization\",\"@id\":\"https:\\\/\\\/associationimperatricezita.com\\\/hu\\\/#organization\",\"name\":\"Association pour la b\u00e9atification de l'Imp\u00e9ratrice Zita\",\"url\":\"https:\\\/\\\/associationimperatricezita.com\\\/hu\\\/\",\"logo\":{\"@type\":\"ImageObject\",\"inLanguage\":\"hu\",\"@id\":\"https:\\\/\\\/associationimperatricezita.com\\\/hu\\\/#\\\/schema\\\/logo\\\/image\\\/\",\"url\":\"https:\\\/\\\/associationimperatricezita.com\\\/wp-content\\\/uploads\\\/2023\\\/09\\\/ABIZ-LOGO-couleurs-BD.jpg\",\"contentUrl\":\"https:\\\/\\\/associationimperatricezita.com\\\/wp-content\\\/uploads\\\/2023\\\/09\\\/ABIZ-LOGO-couleurs-BD.jpg\",\"width\":1000,\"height\":727,\"caption\":\"Association pour la b\u00e9atification de l'Imp\u00e9ratrice Zita\"},\"image\":{\"@id\":\"https:\\\/\\\/associationimperatricezita.com\\\/hu\\\/#\\\/schema\\\/logo\\\/image\\\/\"},\"sameAs\":[\"https:\\\/\\\/www.facebook.com\\\/BeatificaZita\\\/\"]}]}<\/script>\n<!-- \/ Yoast SEO plugin. -->","yoast_head_json":{"title":"Szent Zita lelkis\u00e9ge - Association pour la b\u00e9atification de l&#039;Imp\u00e9ratrice Zita","robots":{"index":"index","follow":"follow","max-snippet":"max-snippet:-1","max-image-preview":"max-image-preview:large","max-video-preview":"max-video-preview:-1"},"canonical":"https:\/\/associationimperatricezita.com\/hu\/szent-zita-lelkisege\/","og_locale":"hu_HU","og_type":"article","og_title":"Szent Zita lelkis\u00e9ge - Association pour la b\u00e9atification de l&#039;Imp\u00e9ratrice Zita","og_description":"Isten szolg\u00e1j\u00e1nak ima\u00e9lete F\u00e9rj\u00e9vel, K\u00e1rollyal Isten szolg\u00e1ja intenz\u00edv eucharisztikus \u00e9letet \u00e9lt.\u00a0 Zita fiatal kor\u00e1t\u00f3l kezdve im\u00e1ds\u00e1gos \u00e9let\u00e9nek \u00e9s karitat\u00edv cselekedeteinek n\u00e9lk\u00fcl\u00f6zhetetlen alapj\u00e1nak tekintette az Euchariszti\u00e1ban val\u00f3 mindennapos r\u00e9szv\u00e9telt. \u00cdgy egyes\u00edtette eg\u00e9sz \u00e9let\u00e9t \u00e9s csal\u00e1dj\u00e1t Krisztus megv\u00e1lt\u00f3 \u00e1ldozat\u00e1val. Az Olt\u00e1riszents\u00e9g jelenl\u00e9te k\u00fcl\u00f6nb\u00f6z\u0151 otthonaiban lehet\u0151v\u00e9 tette sz\u00e1m\u00e1ra, hogy mindennap az \u00dar bens\u0151s\u00e9ges viszony\u00e1ban \u00e9ljen, k\u00e9s\u0151bb pedig \u00f6zvegyk\u00e9nt [&hellip;]","og_url":"https:\/\/associationimperatricezita.com\/hu\/szent-zita-lelkisege\/","og_site_name":"Association pour la b\u00e9atification de l&#039;Imp\u00e9ratrice Zita","article_publisher":"https:\/\/www.facebook.com\/BeatificaZita\/","article_modified_time":"2025-09-09T08:54:17+00:00","og_image":[{"width":781,"height":1012,"url":"https:\/\/associationimperatricezita.com\/wp-content\/uploads\/2023\/10\/neuvaine.jpg","type":"image\/jpeg"}],"twitter_card":"summary_large_image","twitter_misc":{"Becs\u00fclt olvas\u00e1si id\u0151":"2 perc"},"schema":{"@context":"https:\/\/schema.org","@graph":[{"@type":"WebPage","@id":"https:\/\/associationimperatricezita.com\/hu\/szent-zita-lelkisege\/","url":"https:\/\/associationimperatricezita.com\/hu\/szent-zita-lelkisege\/","name":"Szent Zita lelkis\u00e9ge - Association pour la b\u00e9atification de l&#039;Imp\u00e9ratrice Zita","isPartOf":{"@id":"https:\/\/associationimperatricezita.com\/hu\/#website"},"primaryImageOfPage":{"@id":"https:\/\/associationimperatricezita.com\/hu\/szent-zita-lelkisege\/#primaryimage"},"image":{"@id":"https:\/\/associationimperatricezita.com\/hu\/szent-zita-lelkisege\/#primaryimage"},"thumbnailUrl":"https:\/\/associationimperatricezita.com\/wp-content\/uploads\/2023\/10\/neuvaine.jpg","datePublished":"2023-10-25T13:50:28+00:00","dateModified":"2025-09-09T08:54:17+00:00","breadcrumb":{"@id":"https:\/\/associationimperatricezita.com\/hu\/szent-zita-lelkisege\/#breadcrumb"},"inLanguage":"hu","potentialAction":[{"@type":"ReadAction","target":["https:\/\/associationimperatricezita.com\/hu\/szent-zita-lelkisege\/"]}]},{"@type":"ImageObject","inLanguage":"hu","@id":"https:\/\/associationimperatricezita.com\/hu\/szent-zita-lelkisege\/#primaryimage","url":"https:\/\/associationimperatricezita.com\/wp-content\/uploads\/2023\/10\/neuvaine.jpg","contentUrl":"https:\/\/associationimperatricezita.com\/wp-content\/uploads\/2023\/10\/neuvaine.jpg"},{"@type":"BreadcrumbList","@id":"https:\/\/associationimperatricezita.com\/hu\/szent-zita-lelkisege\/#breadcrumb","itemListElement":[{"@type":"ListItem","position":1,"name":"Accueil","item":"https:\/\/associationimperatricezita.com\/hu\/"},{"@type":"ListItem","position":2,"name":"Szent Zita lelkis\u00e9ge"}]},{"@type":"WebSite","@id":"https:\/\/associationimperatricezita.com\/hu\/#website","url":"https:\/\/associationimperatricezita.com\/hu\/","name":"Association pour la b\u00e9atification de l&#039;Imp\u00e9ratrice Zita","description":"","publisher":{"@id":"https:\/\/associationimperatricezita.com\/hu\/#organization"},"potentialAction":[{"@type":"SearchAction","target":{"@type":"EntryPoint","urlTemplate":"https:\/\/associationimperatricezita.com\/hu\/?s={search_term_string}"},"query-input":{"@type":"PropertyValueSpecification","valueRequired":true,"valueName":"search_term_string"}}],"inLanguage":"hu"},{"@type":"Organization","@id":"https:\/\/associationimperatricezita.com\/hu\/#organization","name":"Association pour la b\u00e9atification de l'Imp\u00e9ratrice Zita","url":"https:\/\/associationimperatricezita.com\/hu\/","logo":{"@type":"ImageObject","inLanguage":"hu","@id":"https:\/\/associationimperatricezita.com\/hu\/#\/schema\/logo\/image\/","url":"https:\/\/associationimperatricezita.com\/wp-content\/uploads\/2023\/09\/ABIZ-LOGO-couleurs-BD.jpg","contentUrl":"https:\/\/associationimperatricezita.com\/wp-content\/uploads\/2023\/09\/ABIZ-LOGO-couleurs-BD.jpg","width":1000,"height":727,"caption":"Association pour la b\u00e9atification de l'Imp\u00e9ratrice Zita"},"image":{"@id":"https:\/\/associationimperatricezita.com\/hu\/#\/schema\/logo\/image\/"},"sameAs":["https:\/\/www.facebook.com\/BeatificaZita\/"]}]}},"_links":{"self":[{"href":"https:\/\/associationimperatricezita.com\/hu\/wp-json\/wp\/v2\/pages\/11108","targetHints":{"allow":["GET"]}}],"collection":[{"href":"https:\/\/associationimperatricezita.com\/hu\/wp-json\/wp\/v2\/pages"}],"about":[{"href":"https:\/\/associationimperatricezita.com\/hu\/wp-json\/wp\/v2\/types\/page"}],"author":[{"embeddable":true,"href":"https:\/\/associationimperatricezita.com\/hu\/wp-json\/wp\/v2\/users\/1"}],"replies":[{"embeddable":true,"href":"https:\/\/associationimperatricezita.com\/hu\/wp-json\/wp\/v2\/comments?post=11108"}],"version-history":[{"count":7,"href":"https:\/\/associationimperatricezita.com\/hu\/wp-json\/wp\/v2\/pages\/11108\/revisions"}],"predecessor-version":[{"id":11119,"href":"https:\/\/associationimperatricezita.com\/hu\/wp-json\/wp\/v2\/pages\/11108\/revisions\/11119"}],"wp:attachment":[{"href":"https:\/\/associationimperatricezita.com\/hu\/wp-json\/wp\/v2\/media?parent=11108"}],"curies":[{"name":"wp","href":"https:\/\/api.w.org\/{rel}","templated":true}]}}