{"id":11122,"date":"2023-10-25T15:43:43","date_gmt":"2023-10-25T13:43:43","guid":{"rendered":"https:\/\/associationimperatricezita.com\/?page_id=11122"},"modified":"2025-09-09T11:18:23","modified_gmt":"2025-09-09T09:18:23","slug":"karoly-csaszar-boldogga-avatasa","status":"publish","type":"page","link":"https:\/\/associationimperatricezita.com\/hu\/karoly-csaszar-boldogga-avatasa\/","title":{"rendered":"K\u00e1roly cs\u00e1sz\u00e1r boldogg\u00e1 avat\u00e1sa"},"content":{"rendered":"\t\t<div data-elementor-type=\"wp-page\" data-elementor-id=\"11122\" class=\"elementor elementor-11122 elementor-6222\" data-elementor-post-type=\"page\">\n\t\t\t\t<div class=\"elementor-element elementor-element-a111c2f e-flex e-con-boxed e-con e-parent\" data-id=\"a111c2f\" data-element_type=\"container\" data-e-type=\"container\">\n\t\t\t\t\t<div class=\"e-con-inner\">\n\t\t<div class=\"elementor-element elementor-element-41154c6 e-con-full e-flex e-con e-child\" data-id=\"41154c6\" data-element_type=\"container\" data-e-type=\"container\">\n\t\t\t\t<div class=\"elementor-element elementor-element-4d76015 elementor-widget elementor-widget-text-editor\" data-id=\"4d76015\" data-element_type=\"widget\" data-e-type=\"widget\" data-widget_type=\"text-editor.default\">\n\t\t\t\t<div class=\"elementor-widget-container\">\n\t\t\t\t\t\t\t\t\t<p><span style=\"text-decoration: underline;\">2003. \u00e1prilis 13-\u00e1n II<\/span>. J\u00e1nos P\u00e1l K\u00e1rolyt tiszteletrem\u00e9lt\u00f3nak nyilv\u00e1n\u00edtotta, \u00e9s kiadta a rendeletet, amelyben er\u00e9nyeinek h\u0151siess\u00e9g\u00e9t hirdette:<\/p>\t\t\t\t\t\t\t\t<\/div>\n\t\t\t\t<\/div>\n\t\t<div class=\"elementor-element elementor-element-65aea8d e-flex e-con-boxed e-con e-child\" data-id=\"65aea8d\" data-element_type=\"container\" data-e-type=\"container\">\n\t\t\t\t\t<div class=\"e-con-inner\">\n\t\t\t\t<div class=\"elementor-element elementor-element-dcc40be elementor-widget elementor-widget-text-editor\" data-id=\"dcc40be\" data-element_type=\"widget\" data-e-type=\"widget\" data-widget_type=\"text-editor.default\">\n\t\t\t\t<div class=\"elementor-widget-container\">\n\t\t\t\t\t\t\t\t\t<p><em>&#8222;Er\u0151s erk\u00f6lcsi feddhetetlens\u00e9ggel \u00e9s szil\u00e1rd hittel rendelkez\u0151 ember volt, aki mindig a legjobbat kereste n\u00e9pe sz\u00e1m\u00e1ra, \u00e9s korm\u00e1nyz\u00e1si cselekedeteiben megfelelt az egyh\u00e1z t\u00e1rsadalmi tan\u00edt\u00e1s\u00e1nak. Az igazs\u00e1goss\u00e1g \u00e9s a b\u00e9ke eszm\u00e9nyeit \u00e1lland\u00f3 szents\u00e9ggel t\u00e1pl\u00e1lta. Kereszt\u00e9ny volt, f\u00e9rj, apa, p\u00e9ldamutat\u00f3 uralkod\u00f3.&#8221;<\/em><\/p><ol><li><strong> J\u00e1nos P\u00e1l p\u00e1pa <\/strong><\/li><\/ol>\t\t\t\t\t\t\t\t<\/div>\n\t\t\t\t<\/div>\n\t\t\t\t\t<\/div>\n\t\t\t\t<\/div>\n\t\t\t\t<div class=\"elementor-element elementor-element-0896456 elementor-widget elementor-widget-text-editor\" data-id=\"0896456\" data-element_type=\"widget\" data-e-type=\"widget\" data-widget_type=\"text-editor.default\">\n\t\t\t\t<div class=\"elementor-widget-container\">\n\t\t\t\t\t\t\t\t\t<p><span style=\"text-decoration: underline;\">2004. okt\u00f3ber 3-\u00e1n II.<\/span> J\u00e1nos P\u00e1l p\u00e1pa K\u00e1roly osztr\u00e1k cs\u00e1sz\u00e1rt Isten n\u00e9gy m\u00e1sik szolg\u00e1j\u00e1val egy\u00fctt boldogg\u00e1 avatta, \u00e9s hom\u00edli\u00e1j\u00e1ban ezt mondta:<\/p>\t\t\t\t\t\t\t\t<\/div>\n\t\t\t\t<\/div>\n\t\t<div class=\"elementor-element elementor-element-abdec8f e-flex e-con-boxed e-con e-child\" data-id=\"abdec8f\" data-element_type=\"container\" data-e-type=\"container\">\n\t\t\t\t\t<div class=\"e-con-inner\">\n\t\t\t\t<div class=\"elementor-element elementor-element-285a971 elementor-widget elementor-widget-text-editor\" data-id=\"285a971\" data-element_type=\"widget\" data-e-type=\"widget\" data-widget_type=\"text-editor.default\">\n\t\t\t\t<div class=\"elementor-widget-container\">\n\t\t\t\t\t\t\t\t\t<p><em>&#8222;A kereszt\u00e9ny ember d\u00f6nt\u0151 k\u00f6teless\u00e9ge, hogy mindenben Isten akarat\u00e1t keresse, felismerje \u00e9s k\u00f6vesse. Az osztr\u00e1k \u00e1llamf\u00e9rfi \u00e9s kereszt\u00e9ny K\u00e1roly naponta \u00e1ll\u00edtotta maga el\u00e9 ezt a kih\u00edv\u00e1st. A b\u00e9ke bar\u00e1tja volt. A h\u00e1bor\u00fat &#8222;sz\u00f6rny\u0171 dolognak&#8221; tartotta. Amikor az els\u0151 vil\u00e1gh\u00e1bor\u00fa z\u0171rzavar\u00e1ban hatalomra ker\u00fclt, megpr\u00f3b\u00e1lta el\u0151mozd\u00edtani el\u0151d\u00f6m, XV. Benedek b\u00e9kekezdem\u00e9nyez\u00e9s\u00e9t.<\/em><\/p><p><em>K\u00e1roly cs\u00e1sz\u00e1r kezdett\u0151l fogva szent szolg\u00e1latnak tekintette poz\u00edci\u00f3j\u00e1t alattval\u00f3i sz\u00e1m\u00e1ra. F\u0151 gondja az volt, hogy politikai tev\u00e9kenys\u00e9g\u00e9ben is k\u00f6vesse a kereszt\u00e9ny \u00e9letszents\u00e9gre sz\u00f3l\u00f3 hivat\u00e1s\u00e1t,[1] Ez\u00e9rt fontos volt sz\u00e1m\u00e1ra, hogy a felebar\u00e1ti szeretet t\u00e1rsadalmi t\u00f6rv\u00e9nyekk\u00e9 alakuljon. \u00a0Legyen p\u00e9lda mindannyiunk sz\u00e1m\u00e1ra, k\u00fcl\u00f6n\u00f6sen azok sz\u00e1m\u00e1ra, akiknek ma politikai felel\u0151ss\u00e9g\u00fck van Eur\u00f3p\u00e1ban[2]!&#8221;<\/em> <br \/><br \/><strong>II. J\u00e1nos P\u00e1l p\u00e1pa <\/strong><br \/><br \/>[1] Szent J\u00e1nos P\u00e1l p\u00e1pa: \u00dczenet a hivat\u00e1sok XX19. vil\u00e1gnapj\u00e1ra, 2022. \u00e1prilis 21.\u00a0<\/p><p>[2] Szent II. J\u00e1nos P\u00e1l p\u00e1pa hom\u00edli\u00e1ja, 2004. okt\u00f3ber 3<\/p>\t\t\t\t\t\t\t\t<\/div>\n\t\t\t\t<\/div>\n\t\t\t\t\t<\/div>\n\t\t\t\t<\/div>\n\t\t\t\t<\/div>\n\t\t<div class=\"elementor-element elementor-element-6b32a3d e-con-full e-flex e-con e-child\" data-id=\"6b32a3d\" data-element_type=\"container\" data-e-type=\"container\" data-settings=\"{&quot;background_background&quot;:&quot;classic&quot;}\">\n\t\t\t\t<\/div>\n\t\t\t\t\t<\/div>\n\t\t\t\t<\/div>\n\t\t<div class=\"elementor-element elementor-element-5082844 e-flex e-con-boxed e-con e-parent\" data-id=\"5082844\" data-element_type=\"container\" data-e-type=\"container\" data-settings=\"{&quot;background_background&quot;:&quot;classic&quot;}\">\n\t\t\t\t\t<div class=\"e-con-inner\">\n\t\t<div class=\"elementor-element elementor-element-9b88fa9 e-con-full e-flex e-con e-child\" data-id=\"9b88fa9\" data-element_type=\"container\" data-e-type=\"container\" data-settings=\"{&quot;background_background&quot;:&quot;classic&quot;}\">\n\t\t\t\t<\/div>\n\t\t<div class=\"elementor-element elementor-element-ca62a00 e-con-full e-flex e-con e-child\" data-id=\"ca62a00\" data-element_type=\"container\" data-e-type=\"container\">\n\t\t\t\t<div class=\"elementor-element elementor-element-fe0e315 elementor-widget elementor-widget-text-editor\" data-id=\"fe0e315\" data-element_type=\"widget\" data-e-type=\"widget\" data-widget_type=\"text-editor.default\">\n\t\t\t\t<div class=\"elementor-widget-container\">\n\t\t\t\t\t\t\t\t\t<p>A kereszt\u00e9ny, f\u00e9rj \u00e9s apa szem\u00e9lyes er\u00e9nyei nem z\u00e1rj\u00e1k ki K\u00e1roly politikai er\u00e9nyeit. Ezt jelentik Szent II. J\u00e1nos P\u00e1l p\u00e1pa m\u00e1snap, okt\u00f3ber 4-\u00e9n, a h\u00e1laad\u00f3 szentmis\u00e9n mondott szavai:<\/p>\t\t\t\t\t\t\t\t<\/div>\n\t\t\t\t<\/div>\n\t\t<div class=\"elementor-element elementor-element-2f1fe03 e-flex e-con-boxed e-con e-child\" data-id=\"2f1fe03\" data-element_type=\"container\" data-e-type=\"container\">\n\t\t\t\t\t<div class=\"e-con-inner\">\n\t\t\t\t<div class=\"elementor-element elementor-element-57c3170 elementor-widget elementor-widget-text-editor\" data-id=\"57c3170\" data-element_type=\"widget\" data-e-type=\"widget\" data-widget_type=\"text-editor.default\">\n\t\t\t\t<div class=\"elementor-widget-container\">\n\t\t\t\t\t\t\t\t\t<p><em>&#8222;Osztr\u00e1k K\u00e1roly mindig arra t\u00f6rekedett, hogy tiszteletben tartsa Isten akarat\u00e1t. A hit volt uralkod\u00f3i \u00e9s atyai felel\u0151ss\u00e9g\u00e9nek krit\u00e9riuma. Az \u0151 p\u00e9ld\u00e1j\u00e1t k\u00f6vetve az Istenbe vetett hit hat\u00e1rozza meg \u00e9letetek ir\u00e1ny\u00e1t! A boldogok k\u00eds\u00e9rjenek el benneteket zar\u00e1ndoklatotokon a mennyei otthonba.&#8221;<\/em><\/p><p><strong>II. J\u00e1nos P\u00e1l p\u00e1pa <\/strong><\/p>\t\t\t\t\t\t\t\t<\/div>\n\t\t\t\t<\/div>\n\t\t\t\t\t<\/div>\n\t\t\t\t<\/div>\n\t\t\t\t<div class=\"elementor-element elementor-element-7064bc1 elementor-widget elementor-widget-text-editor\" data-id=\"7064bc1\" data-element_type=\"widget\" data-e-type=\"widget\" data-widget_type=\"text-editor.default\">\n\t\t\t\t<div class=\"elementor-widget-container\">\n\t\t\t\t\t\t\t\t\t<p><span style=\"text-decoration: underline;\">2002. m\u00e1jus 11-\u00e9n<\/span>, K\u00e1roly p\u00fcsp\u00f6k hal\u00e1l\u00e1nak sz\u00e1zadik \u00e9vfordul\u00f3j\u00e1n Nuno Br\u00e0s funchali (Madeira) p\u00fcsp\u00f6k kijelentette, hogy Boldog K\u00e1roly lesz egyh\u00e1zmegy\u00e9nkben az ifj\u00fas\u00e1gi vil\u00e1gtal\u00e1lkoz\u00f3 v\u00e9d\u0151szentje&#8230;, mert Boldog K\u00e1roly fiatalember volt, aki v\u00e1llalta azt a k\u00fcldet\u00e9st, amelyet Isten r\u00e1b\u00edzott, \u00e9s olyan fiatalember, aki p\u00e9lda mindannyiunk sz\u00e1m\u00e1ra[1].&#8221;<\/p><p><strong>Boldog K\u00e1roly liturgikus \u00fcnnepe okt\u00f3ber 21-\u00e9n, Zit\u00e1val k\u00f6t\u00f6tt h\u00e1zass\u00e1g\u00e1nak napj\u00e1n van, nem pedig \u00e1prilis 1-j\u00e9n, az Aty\u00e1hoz val\u00f3 visszat\u00e9r\u00e9s\u00e9nek napj\u00e1n, ahogy az Egyh\u00e1zban szok\u00e1s. <\/strong><\/p><p>[1] Jornal da Madeira \u2013 2022. m\u00e1jus 12<\/p>\t\t\t\t\t\t\t\t<\/div>\n\t\t\t\t<\/div>\n\t\t\t\t<\/div>\n\t\t\t\t\t<\/div>\n\t\t\t\t<\/div>\n\t\t<div class=\"elementor-element elementor-element-491ee24 e-flex e-con-boxed e-con e-parent\" data-id=\"491ee24\" data-element_type=\"container\" data-e-type=\"container\">\n\t\t\t\t\t<div class=\"e-con-inner\">\n\t\t<div class=\"elementor-element elementor-element-174dd95 e-con-full e-flex e-con e-child\" data-id=\"174dd95\" data-element_type=\"container\" data-e-type=\"container\">\n\t\t\t\t<div class=\"elementor-element elementor-element-359e34d premium-header-block premium-lq__none premium-box-lq__none elementor-widget elementor-widget-premium-addon-dual-header\" data-id=\"359e34d\" data-element_type=\"widget\" data-e-type=\"widget\" data-widget_type=\"premium-addon-dual-header.default\">\n\t\t\t\t\t\n\t\t<div class=\"elementor-widget-container\">\n\t\t<div class=\"premium-dual-header-wrapper\">\n\t\t\t\t\t<h2 class=\"premium-dual-header-first-header \"><span class=\"premium-dual-header-first-span\">K\u00e1roly cs\u00e1sz\u00e1r <\/span><span class=\"premium-dual-header-second-header \">szentt\u00e9 avat\u00e1sa fel\u00e9<\/span><\/h2> \t\t\t\t\t\t<\/div>\n\t\t<\/div>\n\n\t\t\t\t\t\t<\/div>\n\t\t\t\t<div class=\"elementor-element elementor-element-0c1cea5 elementor-widget elementor-widget-text-editor\" data-id=\"0c1cea5\" data-element_type=\"widget\" data-e-type=\"widget\" data-widget_type=\"text-editor.default\">\n\t\t\t\t<div class=\"elementor-widget-container\">\n\t\t\t\t\t\t\t\t\t<p>1949 \u00f3ta Boldog K\u00e1roly boldogg\u00e1 avat\u00e1si \u00fcgy\u00e9nek \u00e9s 2004 \u00f3ta szentt\u00e9 avat\u00e1s\u00e1nak szerepl\u0151je egy osztr\u00e1k egyes\u00fclet, melynek neve: <a href=\"http:\/\/bienheureuxcharlesdautriche.com\">Gebetsliga f\u00fcr den V\u00f6lkerfrieden<\/a> (Imasz\u00f6vets\u00e9g a n\u00e9pek k\u00f6z\u00f6tti b\u00e9k\u00e9\u00e9rt; R\u00f6vid: Gebetsliga \/ Imaliga).<br \/><br \/>Ezt az egyes\u00fcletet Franciaorsz\u00e1gban Elizabeth Montfort asszony k\u00e9pviseli (a Zita cs\u00e1sz\u00e1rn\u00e9 boldogg\u00e1 \u00e9s szentt\u00e9 avat\u00e1s\u00e1ra l\u00e9trehozott francia egyes\u00fclet titk\u00e1ra), \u00e9s rendszeresen k\u00f6zz\u00e9teszi az inform\u00e1ci\u00f3kat: <a href=\"https:\/\/bienheureuxcharlesdautriche.com\">https:\/\/bienheureuxcharlesdautriche.com<\/a><br \/><br \/>Az Imasz\u00f6vets\u00e9g minden \u00e9vben szentmis\u00e9t szervez Franciaorsz\u00e1gban \u00e1prilis 1-j\u00e9n, Boldog K\u00e1roly hal\u00e1l\u00e1nak \u00e9vfordul\u00f3j\u00e1n, \u00e9s szentmis\u00e9t okt\u00f3ber 21-\u00e9n, liturgikus \u00fcnnep\u00e9nek napj\u00e1n.<\/p>\t\t\t\t\t\t\t\t<\/div>\n\t\t\t\t<\/div>\n\t\t\t\t<\/div>\n\t\t<div class=\"elementor-element elementor-element-9f693b4 e-con-full e-flex e-con e-child\" data-id=\"9f693b4\" data-element_type=\"container\" data-e-type=\"container\" data-settings=\"{&quot;background_background&quot;:&quot;classic&quot;}\">\n\t\t\t\t<div class=\"elementor-element elementor-element-43e79a7 elementor-widget elementor-widget-image\" data-id=\"43e79a7\" data-element_type=\"widget\" data-e-type=\"widget\" data-widget_type=\"image.default\">\n\t\t\t\t<div class=\"elementor-widget-container\">\n\t\t\t\t\t\t\t\t\t\t\t\t\t\t\t<img fetchpriority=\"high\" decoding=\"async\" width=\"800\" height=\"494\" src=\"https:\/\/associationimperatricezita.com\/wp-content\/uploads\/2023\/11\/bienheureuxCA-1-1024x632.jpg\" class=\"attachment-large size-large wp-image-9341\" alt=\"\" srcset=\"https:\/\/associationimperatricezita.com\/wp-content\/uploads\/2023\/11\/bienheureuxCA-1-1024x632.jpg 1024w, https:\/\/associationimperatricezita.com\/wp-content\/uploads\/2023\/11\/bienheureuxCA-1-300x185.jpg 300w, https:\/\/associationimperatricezita.com\/wp-content\/uploads\/2023\/11\/bienheureuxCA-1-768x474.jpg 768w, https:\/\/associationimperatricezita.com\/wp-content\/uploads\/2023\/11\/bienheureuxCA-1.jpg 1229w\" sizes=\"(max-width: 800px) 100vw, 800px\" \/>\t\t\t\t\t\t\t\t\t\t\t\t\t\t\t<\/div>\n\t\t\t\t<\/div>\n\t\t\t\t<\/div>\n\t\t\t\t\t<\/div>\n\t\t\t\t<\/div>\n\t\t\t\t<\/div>\n\t\t","protected":false},"excerpt":{"rendered":"<p>2003. \u00e1prilis 13-\u00e1n II. J\u00e1nos P\u00e1l K\u00e1rolyt tiszteletrem\u00e9lt\u00f3nak nyilv\u00e1n\u00edtotta, \u00e9s kiadta a rendeletet, amelyben er\u00e9nyeinek h\u0151siess\u00e9g\u00e9t hirdette: &#8222;Er\u0151s erk\u00f6lcsi feddhetetlens\u00e9ggel \u00e9s szil\u00e1rd hittel rendelkez\u0151 ember volt, aki mindig a legjobbat kereste n\u00e9pe sz\u00e1m\u00e1ra, \u00e9s korm\u00e1nyz\u00e1si cselekedeteiben megfelelt az egyh\u00e1z t\u00e1rsadalmi tan\u00edt\u00e1s\u00e1nak. Az igazs\u00e1goss\u00e1g \u00e9s a b\u00e9ke eszm\u00e9nyeit \u00e1lland\u00f3 szents\u00e9ggel t\u00e1pl\u00e1lta. Kereszt\u00e9ny volt, f\u00e9rj, apa, p\u00e9ldamutat\u00f3 [&hellip;]<\/p>\n","protected":false},"author":1,"featured_media":0,"parent":0,"menu_order":0,"comment_status":"closed","ping_status":"closed","template":"","meta":{"_monsterinsights_skip_tracking":false,"_monsterinsights_sitenote_active":false,"_monsterinsights_sitenote_note":"","_monsterinsights_sitenote_category":0,"footnotes":"","_links_to":"","_links_to_target":""},"class_list":["post-11122","page","type-page","status-publish","hentry"],"yoast_head":"<!-- This site is optimized with the Yoast SEO plugin v27.4 - https:\/\/yoast.com\/product\/yoast-seo-wordpress\/ -->\n<title>K\u00e1roly cs\u00e1sz\u00e1r boldogg\u00e1 avat\u00e1sa - Association pour la b\u00e9atification de l&#039;Imp\u00e9ratrice Zita<\/title>\n<meta name=\"robots\" content=\"index, follow, max-snippet:-1, max-image-preview:large, max-video-preview:-1\" \/>\n<link rel=\"canonical\" href=\"https:\/\/associationimperatricezita.com\/hu\/karoly-csaszar-boldogga-avatasa\/\" \/>\n<meta property=\"og:locale\" content=\"hu_HU\" \/>\n<meta property=\"og:type\" content=\"article\" \/>\n<meta property=\"og:title\" content=\"K\u00e1roly cs\u00e1sz\u00e1r boldogg\u00e1 avat\u00e1sa - Association pour la b\u00e9atification de l&#039;Imp\u00e9ratrice Zita\" \/>\n<meta property=\"og:description\" content=\"2003. \u00e1prilis 13-\u00e1n II. J\u00e1nos P\u00e1l K\u00e1rolyt tiszteletrem\u00e9lt\u00f3nak nyilv\u00e1n\u00edtotta, \u00e9s kiadta a rendeletet, amelyben er\u00e9nyeinek h\u0151siess\u00e9g\u00e9t hirdette: &#8222;Er\u0151s erk\u00f6lcsi feddhetetlens\u00e9ggel \u00e9s szil\u00e1rd hittel rendelkez\u0151 ember volt, aki mindig a legjobbat kereste n\u00e9pe sz\u00e1m\u00e1ra, \u00e9s korm\u00e1nyz\u00e1si cselekedeteiben megfelelt az egyh\u00e1z t\u00e1rsadalmi tan\u00edt\u00e1s\u00e1nak. Az igazs\u00e1goss\u00e1g \u00e9s a b\u00e9ke eszm\u00e9nyeit \u00e1lland\u00f3 szents\u00e9ggel t\u00e1pl\u00e1lta. Kereszt\u00e9ny volt, f\u00e9rj, apa, p\u00e9ldamutat\u00f3 [&hellip;]\" \/>\n<meta property=\"og:url\" content=\"https:\/\/associationimperatricezita.com\/hu\/karoly-csaszar-boldogga-avatasa\/\" \/>\n<meta property=\"og:site_name\" content=\"Association pour la b\u00e9atification de l&#039;Imp\u00e9ratrice Zita\" \/>\n<meta property=\"article:publisher\" content=\"https:\/\/www.facebook.com\/BeatificaZita\/\" \/>\n<meta property=\"article:modified_time\" content=\"2025-09-09T09:18:23+00:00\" \/>\n<meta property=\"og:image\" content=\"https:\/\/associationimperatricezita.com\/wp-content\/uploads\/2023\/11\/bienheureuxCA-1.jpg\" \/>\n\t<meta property=\"og:image:width\" content=\"1229\" \/>\n\t<meta property=\"og:image:height\" content=\"759\" \/>\n\t<meta property=\"og:image:type\" content=\"image\/jpeg\" \/>\n<meta name=\"twitter:card\" content=\"summary_large_image\" \/>\n<meta name=\"twitter:label1\" content=\"Becs\u00fclt olvas\u00e1si id\u0151\" \/>\n\t<meta name=\"twitter:data1\" content=\"3 perc\" \/>\n<script type=\"application\/ld+json\" class=\"yoast-schema-graph\">{\"@context\":\"https:\\\/\\\/schema.org\",\"@graph\":[{\"@type\":\"WebPage\",\"@id\":\"https:\\\/\\\/associationimperatricezita.com\\\/hu\\\/karoly-csaszar-boldogga-avatasa\\\/\",\"url\":\"https:\\\/\\\/associationimperatricezita.com\\\/hu\\\/karoly-csaszar-boldogga-avatasa\\\/\",\"name\":\"K\u00e1roly cs\u00e1sz\u00e1r boldogg\u00e1 avat\u00e1sa - Association pour la b\u00e9atification de l&#039;Imp\u00e9ratrice Zita\",\"isPartOf\":{\"@id\":\"https:\\\/\\\/associationimperatricezita.com\\\/hu\\\/#website\"},\"primaryImageOfPage\":{\"@id\":\"https:\\\/\\\/associationimperatricezita.com\\\/hu\\\/karoly-csaszar-boldogga-avatasa\\\/#primaryimage\"},\"image\":{\"@id\":\"https:\\\/\\\/associationimperatricezita.com\\\/hu\\\/karoly-csaszar-boldogga-avatasa\\\/#primaryimage\"},\"thumbnailUrl\":\"https:\\\/\\\/associationimperatricezita.com\\\/wp-content\\\/uploads\\\/2023\\\/11\\\/bienheureuxCA-1-1024x632.jpg\",\"datePublished\":\"2023-10-25T13:43:43+00:00\",\"dateModified\":\"2025-09-09T09:18:23+00:00\",\"breadcrumb\":{\"@id\":\"https:\\\/\\\/associationimperatricezita.com\\\/hu\\\/karoly-csaszar-boldogga-avatasa\\\/#breadcrumb\"},\"inLanguage\":\"hu\",\"potentialAction\":[{\"@type\":\"ReadAction\",\"target\":[\"https:\\\/\\\/associationimperatricezita.com\\\/hu\\\/karoly-csaszar-boldogga-avatasa\\\/\"]}]},{\"@type\":\"ImageObject\",\"inLanguage\":\"hu\",\"@id\":\"https:\\\/\\\/associationimperatricezita.com\\\/hu\\\/karoly-csaszar-boldogga-avatasa\\\/#primaryimage\",\"url\":\"https:\\\/\\\/associationimperatricezita.com\\\/wp-content\\\/uploads\\\/2023\\\/11\\\/bienheureuxCA-1-1024x632.jpg\",\"contentUrl\":\"https:\\\/\\\/associationimperatricezita.com\\\/wp-content\\\/uploads\\\/2023\\\/11\\\/bienheureuxCA-1-1024x632.jpg\"},{\"@type\":\"BreadcrumbList\",\"@id\":\"https:\\\/\\\/associationimperatricezita.com\\\/hu\\\/karoly-csaszar-boldogga-avatasa\\\/#breadcrumb\",\"itemListElement\":[{\"@type\":\"ListItem\",\"position\":1,\"name\":\"Accueil\",\"item\":\"https:\\\/\\\/associationimperatricezita.com\\\/hu\\\/\"},{\"@type\":\"ListItem\",\"position\":2,\"name\":\"K\u00e1roly cs\u00e1sz\u00e1r boldogg\u00e1 avat\u00e1sa\"}]},{\"@type\":\"WebSite\",\"@id\":\"https:\\\/\\\/associationimperatricezita.com\\\/hu\\\/#website\",\"url\":\"https:\\\/\\\/associationimperatricezita.com\\\/hu\\\/\",\"name\":\"Association pour la b\u00e9atification de l&#039;Imp\u00e9ratrice Zita\",\"description\":\"\",\"publisher\":{\"@id\":\"https:\\\/\\\/associationimperatricezita.com\\\/hu\\\/#organization\"},\"potentialAction\":[{\"@type\":\"SearchAction\",\"target\":{\"@type\":\"EntryPoint\",\"urlTemplate\":\"https:\\\/\\\/associationimperatricezita.com\\\/hu\\\/?s={search_term_string}\"},\"query-input\":{\"@type\":\"PropertyValueSpecification\",\"valueRequired\":true,\"valueName\":\"search_term_string\"}}],\"inLanguage\":\"hu\"},{\"@type\":\"Organization\",\"@id\":\"https:\\\/\\\/associationimperatricezita.com\\\/hu\\\/#organization\",\"name\":\"Association pour la b\u00e9atification de l'Imp\u00e9ratrice Zita\",\"url\":\"https:\\\/\\\/associationimperatricezita.com\\\/hu\\\/\",\"logo\":{\"@type\":\"ImageObject\",\"inLanguage\":\"hu\",\"@id\":\"https:\\\/\\\/associationimperatricezita.com\\\/hu\\\/#\\\/schema\\\/logo\\\/image\\\/\",\"url\":\"https:\\\/\\\/associationimperatricezita.com\\\/wp-content\\\/uploads\\\/2023\\\/09\\\/ABIZ-LOGO-couleurs-BD.jpg\",\"contentUrl\":\"https:\\\/\\\/associationimperatricezita.com\\\/wp-content\\\/uploads\\\/2023\\\/09\\\/ABIZ-LOGO-couleurs-BD.jpg\",\"width\":1000,\"height\":727,\"caption\":\"Association pour la b\u00e9atification de l'Imp\u00e9ratrice Zita\"},\"image\":{\"@id\":\"https:\\\/\\\/associationimperatricezita.com\\\/hu\\\/#\\\/schema\\\/logo\\\/image\\\/\"},\"sameAs\":[\"https:\\\/\\\/www.facebook.com\\\/BeatificaZita\\\/\"]}]}<\/script>\n<!-- \/ Yoast SEO plugin. -->","yoast_head_json":{"title":"K\u00e1roly cs\u00e1sz\u00e1r boldogg\u00e1 avat\u00e1sa - Association pour la b\u00e9atification de l&#039;Imp\u00e9ratrice Zita","robots":{"index":"index","follow":"follow","max-snippet":"max-snippet:-1","max-image-preview":"max-image-preview:large","max-video-preview":"max-video-preview:-1"},"canonical":"https:\/\/associationimperatricezita.com\/hu\/karoly-csaszar-boldogga-avatasa\/","og_locale":"hu_HU","og_type":"article","og_title":"K\u00e1roly cs\u00e1sz\u00e1r boldogg\u00e1 avat\u00e1sa - Association pour la b\u00e9atification de l&#039;Imp\u00e9ratrice Zita","og_description":"2003. \u00e1prilis 13-\u00e1n II. J\u00e1nos P\u00e1l K\u00e1rolyt tiszteletrem\u00e9lt\u00f3nak nyilv\u00e1n\u00edtotta, \u00e9s kiadta a rendeletet, amelyben er\u00e9nyeinek h\u0151siess\u00e9g\u00e9t hirdette: &#8222;Er\u0151s erk\u00f6lcsi feddhetetlens\u00e9ggel \u00e9s szil\u00e1rd hittel rendelkez\u0151 ember volt, aki mindig a legjobbat kereste n\u00e9pe sz\u00e1m\u00e1ra, \u00e9s korm\u00e1nyz\u00e1si cselekedeteiben megfelelt az egyh\u00e1z t\u00e1rsadalmi tan\u00edt\u00e1s\u00e1nak. Az igazs\u00e1goss\u00e1g \u00e9s a b\u00e9ke eszm\u00e9nyeit \u00e1lland\u00f3 szents\u00e9ggel t\u00e1pl\u00e1lta. Kereszt\u00e9ny volt, f\u00e9rj, apa, p\u00e9ldamutat\u00f3 [&hellip;]","og_url":"https:\/\/associationimperatricezita.com\/hu\/karoly-csaszar-boldogga-avatasa\/","og_site_name":"Association pour la b\u00e9atification de l&#039;Imp\u00e9ratrice Zita","article_publisher":"https:\/\/www.facebook.com\/BeatificaZita\/","article_modified_time":"2025-09-09T09:18:23+00:00","og_image":[{"width":1229,"height":759,"url":"https:\/\/associationimperatricezita.com\/wp-content\/uploads\/2023\/11\/bienheureuxCA-1.jpg","type":"image\/jpeg"}],"twitter_card":"summary_large_image","twitter_misc":{"Becs\u00fclt olvas\u00e1si id\u0151":"3 perc"},"schema":{"@context":"https:\/\/schema.org","@graph":[{"@type":"WebPage","@id":"https:\/\/associationimperatricezita.com\/hu\/karoly-csaszar-boldogga-avatasa\/","url":"https:\/\/associationimperatricezita.com\/hu\/karoly-csaszar-boldogga-avatasa\/","name":"K\u00e1roly cs\u00e1sz\u00e1r boldogg\u00e1 avat\u00e1sa - Association pour la b\u00e9atification de l&#039;Imp\u00e9ratrice Zita","isPartOf":{"@id":"https:\/\/associationimperatricezita.com\/hu\/#website"},"primaryImageOfPage":{"@id":"https:\/\/associationimperatricezita.com\/hu\/karoly-csaszar-boldogga-avatasa\/#primaryimage"},"image":{"@id":"https:\/\/associationimperatricezita.com\/hu\/karoly-csaszar-boldogga-avatasa\/#primaryimage"},"thumbnailUrl":"https:\/\/associationimperatricezita.com\/wp-content\/uploads\/2023\/11\/bienheureuxCA-1-1024x632.jpg","datePublished":"2023-10-25T13:43:43+00:00","dateModified":"2025-09-09T09:18:23+00:00","breadcrumb":{"@id":"https:\/\/associationimperatricezita.com\/hu\/karoly-csaszar-boldogga-avatasa\/#breadcrumb"},"inLanguage":"hu","potentialAction":[{"@type":"ReadAction","target":["https:\/\/associationimperatricezita.com\/hu\/karoly-csaszar-boldogga-avatasa\/"]}]},{"@type":"ImageObject","inLanguage":"hu","@id":"https:\/\/associationimperatricezita.com\/hu\/karoly-csaszar-boldogga-avatasa\/#primaryimage","url":"https:\/\/associationimperatricezita.com\/wp-content\/uploads\/2023\/11\/bienheureuxCA-1-1024x632.jpg","contentUrl":"https:\/\/associationimperatricezita.com\/wp-content\/uploads\/2023\/11\/bienheureuxCA-1-1024x632.jpg"},{"@type":"BreadcrumbList","@id":"https:\/\/associationimperatricezita.com\/hu\/karoly-csaszar-boldogga-avatasa\/#breadcrumb","itemListElement":[{"@type":"ListItem","position":1,"name":"Accueil","item":"https:\/\/associationimperatricezita.com\/hu\/"},{"@type":"ListItem","position":2,"name":"K\u00e1roly cs\u00e1sz\u00e1r boldogg\u00e1 avat\u00e1sa"}]},{"@type":"WebSite","@id":"https:\/\/associationimperatricezita.com\/hu\/#website","url":"https:\/\/associationimperatricezita.com\/hu\/","name":"Association pour la b\u00e9atification de l&#039;Imp\u00e9ratrice Zita","description":"","publisher":{"@id":"https:\/\/associationimperatricezita.com\/hu\/#organization"},"potentialAction":[{"@type":"SearchAction","target":{"@type":"EntryPoint","urlTemplate":"https:\/\/associationimperatricezita.com\/hu\/?s={search_term_string}"},"query-input":{"@type":"PropertyValueSpecification","valueRequired":true,"valueName":"search_term_string"}}],"inLanguage":"hu"},{"@type":"Organization","@id":"https:\/\/associationimperatricezita.com\/hu\/#organization","name":"Association pour la b\u00e9atification de l'Imp\u00e9ratrice Zita","url":"https:\/\/associationimperatricezita.com\/hu\/","logo":{"@type":"ImageObject","inLanguage":"hu","@id":"https:\/\/associationimperatricezita.com\/hu\/#\/schema\/logo\/image\/","url":"https:\/\/associationimperatricezita.com\/wp-content\/uploads\/2023\/09\/ABIZ-LOGO-couleurs-BD.jpg","contentUrl":"https:\/\/associationimperatricezita.com\/wp-content\/uploads\/2023\/09\/ABIZ-LOGO-couleurs-BD.jpg","width":1000,"height":727,"caption":"Association pour la b\u00e9atification de l'Imp\u00e9ratrice Zita"},"image":{"@id":"https:\/\/associationimperatricezita.com\/hu\/#\/schema\/logo\/image\/"},"sameAs":["https:\/\/www.facebook.com\/BeatificaZita\/"]}]}},"_links":{"self":[{"href":"https:\/\/associationimperatricezita.com\/hu\/wp-json\/wp\/v2\/pages\/11122","targetHints":{"allow":["GET"]}}],"collection":[{"href":"https:\/\/associationimperatricezita.com\/hu\/wp-json\/wp\/v2\/pages"}],"about":[{"href":"https:\/\/associationimperatricezita.com\/hu\/wp-json\/wp\/v2\/types\/page"}],"author":[{"embeddable":true,"href":"https:\/\/associationimperatricezita.com\/hu\/wp-json\/wp\/v2\/users\/1"}],"replies":[{"embeddable":true,"href":"https:\/\/associationimperatricezita.com\/hu\/wp-json\/wp\/v2\/comments?post=11122"}],"version-history":[{"count":8,"href":"https:\/\/associationimperatricezita.com\/hu\/wp-json\/wp\/v2\/pages\/11122\/revisions"}],"predecessor-version":[{"id":11147,"href":"https:\/\/associationimperatricezita.com\/hu\/wp-json\/wp\/v2\/pages\/11122\/revisions\/11147"}],"wp:attachment":[{"href":"https:\/\/associationimperatricezita.com\/hu\/wp-json\/wp\/v2\/media?parent=11122"}],"curies":[{"name":"wp","href":"https:\/\/api.w.org\/{rel}","templated":true}]}}